{"id":214390,"date":"2025-03-08T21:17:55","date_gmt":"2025-03-08T21:17:55","guid":{"rendered":"https:\/\/www.museumtv.art\/program\/27327-clementine-de-la-feronniere-art-gallery-morphe-by-jesse-willems-s-e01\/"},"modified":"2026-03-20T06:06:31","modified_gmt":"2026-03-20T06:06:31","slug":"27327-clementine-de-la-feronniere-art-gallery-morphe-by-jesse-willems-s-e01","status":"publish","type":"program","link":"https:\/\/www.museumtv.art\/en\/program\/27327-clementine-de-la-feronniere-art-gallery-morphe-by-jesse-willems-s-e01\/","title":{"rendered":"Cl\u00e9mentine de la F\u00e9ronni\u00e8re Art gallery &#8211; &#8216;Morphe&#8217; by Jesse Willems"},"content":{"rendered":"<p>In the JAM (Just a Moment) series, Art Paris and Museum TV bring works to life through the words of gallerists and artists. In this episode, discover the work \u201cMorphe\u201d by the Jesse Willems, told by Cl\u00e9mentine de la F\u00e9ronni\u00e8re Art gallery.<\/p>\n","protected":false},"excerpt":{"rendered":"<p>In this episode, discover a work by Jesse Willems told by  the Cl\u00e9mentine de la F\u00e9ronni\u00e8re Art gallery.<\/p>\n","protected":false},"featured_media":214389,"parent":0,"menu_order":0,"template":"","format":"standard","meta":[],"program_type":[15],"group":[2488,548],"d_category":[667],"genre":[2491],"class_list":["post-214390","program","type-program","status-publish","format-standard","has-post-thumbnail","hentry","program_type-episode","group-beaux-arts","group-visites","d_category-beaux-arts","genre-documentary"],"yoast_head":"<!-- This site is optimized with the Yoast SEO plugin v24.0 - https:\/\/yoast.com\/wordpress\/plugins\/seo\/ -->\n<title>Cl\u00e9mentine de la F\u00e9ronni\u00e8re Art gallery - &#039;Morphe&#039; by Jesse Willems - Museum TV<\/title>\n<meta name=\"robots\" content=\"index, follow, max-snippet:-1, max-image-preview:large, max-video-preview:-1\" \/>\n<link rel=\"canonical\" href=\"https:\/\/www.museumtv.art\/en\/program\/27327-clementine-de-la-feronniere-art-gallery-morphe-by-jesse-willems-s-e01\/\" \/>\n<meta property=\"og:locale\" content=\"en_US\" \/>\n<meta property=\"og:type\" content=\"article\" \/>\n<meta property=\"og:title\" content=\"Cl\u00e9mentine de la F\u00e9ronni\u00e8re Art gallery - &#039;Morphe&#039; by Jesse Willems - Museum TV\" \/>\n<meta property=\"og:description\" content=\"In this episode, discover a work by Jesse Willems told by the Cl\u00e9mentine de la F\u00e9ronni\u00e8re Art gallery.\" \/>\n<meta property=\"og:url\" content=\"https:\/\/www.museumtv.art\/en\/program\/27327-clementine-de-la-feronniere-art-gallery-morphe-by-jesse-willems-s-e01\/\" \/>\n<meta property=\"og:site_name\" content=\"Museum TV\" \/>\n<meta property=\"article:publisher\" content=\"https:\/\/www.facebook.com\/museumtv.art\/\" \/>\n<meta property=\"article:modified_time\" content=\"2026-03-20T06:06:31+00:00\" \/>\n<meta property=\"og:image\" content=\"https:\/\/www.museumtv.art\/wp-content\/uploads\/2025\/03\/jam-saison-6-galerie-clementine-de-la-feronniere-morphe-par-jesse-willems67ccb4021df67-scaled.jpg\" \/>\n\t<meta property=\"og:image:width\" content=\"2560\" \/>\n\t<meta property=\"og:image:height\" content=\"1440\" \/>\n\t<meta property=\"og:image:type\" content=\"image\/jpeg\" \/>\n<meta name=\"twitter:card\" content=\"summary_large_image\" \/>\n<script type=\"application\/ld+json\" class=\"yoast-schema-graph\">{\"@context\":\"https:\/\/schema.org\",\"@graph\":[{\"@type\":\"WebPage\",\"@id\":\"https:\/\/www.museumtv.art\/en\/program\/27327-clementine-de-la-feronniere-art-gallery-morphe-by-jesse-willems-s-e01\/\",\"url\":\"https:\/\/www.museumtv.art\/en\/program\/27327-clementine-de-la-feronniere-art-gallery-morphe-by-jesse-willems-s-e01\/\",\"name\":\"Cl\u00e9mentine de la F\u00e9ronni\u00e8re Art gallery - 'Morphe' by Jesse Willems - Museum TV\",\"isPartOf\":{\"@id\":\"https:\/\/www.museumtv.art\/#website\"},\"primaryImageOfPage\":{\"@id\":\"https:\/\/www.museumtv.art\/en\/program\/27327-clementine-de-la-feronniere-art-gallery-morphe-by-jesse-willems-s-e01\/#primaryimage\"},\"image\":{\"@id\":\"https:\/\/www.museumtv.art\/en\/program\/27327-clementine-de-la-feronniere-art-gallery-morphe-by-jesse-willems-s-e01\/#primaryimage\"},\"thumbnailUrl\":\"https:\/\/www.museumtv.art\/wp-content\/uploads\/2025\/03\/jam-saison-6-galerie-clementine-de-la-feronniere-morphe-par-jesse-willems67ccb4021df67-scaled.jpg\",\"datePublished\":\"2025-03-08T21:17:55+00:00\",\"dateModified\":\"2026-03-20T06:06:31+00:00\",\"breadcrumb\":{\"@id\":\"https:\/\/www.museumtv.art\/en\/program\/27327-clementine-de-la-feronniere-art-gallery-morphe-by-jesse-willems-s-e01\/#breadcrumb\"},\"inLanguage\":\"en-US\",\"potentialAction\":[{\"@type\":\"ReadAction\",\"target\":[\"https:\/\/www.museumtv.art\/en\/program\/27327-clementine-de-la-feronniere-art-gallery-morphe-by-jesse-willems-s-e01\/\"]}]},{\"@type\":\"ImageObject\",\"inLanguage\":\"en-US\",\"@id\":\"https:\/\/www.museumtv.art\/en\/program\/27327-clementine-de-la-feronniere-art-gallery-morphe-by-jesse-willems-s-e01\/#primaryimage\",\"url\":\"https:\/\/www.museumtv.art\/wp-content\/uploads\/2025\/03\/jam-saison-6-galerie-clementine-de-la-feronniere-morphe-par-jesse-willems67ccb4021df67-scaled.jpg\",\"contentUrl\":\"https:\/\/www.museumtv.art\/wp-content\/uploads\/2025\/03\/jam-saison-6-galerie-clementine-de-la-feronniere-morphe-par-jesse-willems67ccb4021df67-scaled.jpg\",\"width\":2560,\"height\":1440,\"caption\":\"Dans cet \u00e9pisode, d\u00e9couvrez une oeuvre de Jesse Willems racont\u00e9 par la galerie Cl\u00e9mentine de la F\u00e9ronni\u00e8re.\"},{\"@type\":\"BreadcrumbList\",\"@id\":\"https:\/\/www.museumtv.art\/en\/program\/27327-clementine-de-la-feronniere-art-gallery-morphe-by-jesse-willems-s-e01\/#breadcrumb\",\"itemListElement\":[{\"@type\":\"ListItem\",\"position\":1,\"name\":\"Accueil\",\"item\":\"https:\/\/www.museumtv.art\/en\/\"},{\"@type\":\"ListItem\",\"position\":2,\"name\":\"Programs\",\"item\":\"https:\/\/www.museumtv.art\/programs\/\"},{\"@type\":\"ListItem\",\"position\":3,\"name\":\"Cl\u00e9mentine de la F\u00e9ronni\u00e8re Art gallery &#8211; &lsquo;Morphe&rsquo; by Jesse Willems\"}]},{\"@type\":\"WebSite\",\"@id\":\"https:\/\/www.museumtv.art\/#website\",\"url\":\"https:\/\/www.museumtv.art\/\",\"name\":\"Museum TV\",\"description\":\"The first channel dedicated to art\",\"publisher\":{\"@id\":\"https:\/\/www.museumtv.art\/#organization\"},\"potentialAction\":[{\"@type\":\"SearchAction\",\"target\":{\"@type\":\"EntryPoint\",\"urlTemplate\":\"https:\/\/www.museumtv.art\/?s={search_term_string}\"},\"query-input\":{\"@type\":\"PropertyValueSpecification\",\"valueRequired\":true,\"valueName\":\"search_term_string\"}}],\"inLanguage\":\"en-US\"},{\"@type\":\"Organization\",\"@id\":\"https:\/\/www.museumtv.art\/#organization\",\"name\":\"Museum TV\",\"url\":\"https:\/\/www.museumtv.art\/\",\"logo\":{\"@type\":\"ImageObject\",\"inLanguage\":\"en-US\",\"@id\":\"https:\/\/www.museumtv.art\/#\/schema\/logo\/image\/\",\"url\":\"https:\/\/www.museumtv.art\/wp-content\/uploads\/2021\/10\/apple-touch-icon-1.png\",\"contentUrl\":\"https:\/\/www.museumtv.art\/wp-content\/uploads\/2021\/10\/apple-touch-icon-1.png\",\"width\":180,\"height\":180,\"caption\":\"Museum TV\"},\"image\":{\"@id\":\"https:\/\/www.museumtv.art\/#\/schema\/logo\/image\/\"},\"sameAs\":[\"https:\/\/www.facebook.com\/museumtv.art\/\",\"https:\/\/www.instagram.com\/museumtv_art\/?hl=fr\",\"https:\/\/www.linkedin.com\/company\/museumtv\"]}]}<\/script>\n<!-- \/ Yoast SEO plugin. -->","yoast_head_json":{"title":"Cl\u00e9mentine de la F\u00e9ronni\u00e8re Art gallery - 'Morphe' by Jesse Willems - Museum TV","robots":{"index":"index","follow":"follow","max-snippet":"max-snippet:-1","max-image-preview":"max-image-preview:large","max-video-preview":"max-video-preview:-1"},"canonical":"https:\/\/www.museumtv.art\/en\/program\/27327-clementine-de-la-feronniere-art-gallery-morphe-by-jesse-willems-s-e01\/","og_locale":"en_US","og_type":"article","og_title":"Cl\u00e9mentine de la F\u00e9ronni\u00e8re Art gallery - 'Morphe' by Jesse Willems - Museum TV","og_description":"In this episode, discover a work by Jesse Willems told by the Cl\u00e9mentine de la F\u00e9ronni\u00e8re Art gallery.","og_url":"https:\/\/www.museumtv.art\/en\/program\/27327-clementine-de-la-feronniere-art-gallery-morphe-by-jesse-willems-s-e01\/","og_site_name":"Museum TV","article_publisher":"https:\/\/www.facebook.com\/museumtv.art\/","article_modified_time":"2026-03-20T06:06:31+00:00","og_image":[{"width":2560,"height":1440,"url":"https:\/\/www.museumtv.art\/wp-content\/uploads\/2025\/03\/jam-saison-6-galerie-clementine-de-la-feronniere-morphe-par-jesse-willems67ccb4021df67-scaled.jpg","type":"image\/jpeg"}],"twitter_card":"summary_large_image","schema":{"@context":"https:\/\/schema.org","@graph":[{"@type":"WebPage","@id":"https:\/\/www.museumtv.art\/en\/program\/27327-clementine-de-la-feronniere-art-gallery-morphe-by-jesse-willems-s-e01\/","url":"https:\/\/www.museumtv.art\/en\/program\/27327-clementine-de-la-feronniere-art-gallery-morphe-by-jesse-willems-s-e01\/","name":"Cl\u00e9mentine de la F\u00e9ronni\u00e8re Art gallery - 'Morphe' by Jesse Willems - Museum TV","isPartOf":{"@id":"https:\/\/www.museumtv.art\/#website"},"primaryImageOfPage":{"@id":"https:\/\/www.museumtv.art\/en\/program\/27327-clementine-de-la-feronniere-art-gallery-morphe-by-jesse-willems-s-e01\/#primaryimage"},"image":{"@id":"https:\/\/www.museumtv.art\/en\/program\/27327-clementine-de-la-feronniere-art-gallery-morphe-by-jesse-willems-s-e01\/#primaryimage"},"thumbnailUrl":"https:\/\/www.museumtv.art\/wp-content\/uploads\/2025\/03\/jam-saison-6-galerie-clementine-de-la-feronniere-morphe-par-jesse-willems67ccb4021df67-scaled.jpg","datePublished":"2025-03-08T21:17:55+00:00","dateModified":"2026-03-20T06:06:31+00:00","breadcrumb":{"@id":"https:\/\/www.museumtv.art\/en\/program\/27327-clementine-de-la-feronniere-art-gallery-morphe-by-jesse-willems-s-e01\/#breadcrumb"},"inLanguage":"en-US","potentialAction":[{"@type":"ReadAction","target":["https:\/\/www.museumtv.art\/en\/program\/27327-clementine-de-la-feronniere-art-gallery-morphe-by-jesse-willems-s-e01\/"]}]},{"@type":"ImageObject","inLanguage":"en-US","@id":"https:\/\/www.museumtv.art\/en\/program\/27327-clementine-de-la-feronniere-art-gallery-morphe-by-jesse-willems-s-e01\/#primaryimage","url":"https:\/\/www.museumtv.art\/wp-content\/uploads\/2025\/03\/jam-saison-6-galerie-clementine-de-la-feronniere-morphe-par-jesse-willems67ccb4021df67-scaled.jpg","contentUrl":"https:\/\/www.museumtv.art\/wp-content\/uploads\/2025\/03\/jam-saison-6-galerie-clementine-de-la-feronniere-morphe-par-jesse-willems67ccb4021df67-scaled.jpg","width":2560,"height":1440,"caption":"Dans cet \u00e9pisode, d\u00e9couvrez une oeuvre de Jesse Willems racont\u00e9 par la galerie Cl\u00e9mentine de la F\u00e9ronni\u00e8re."},{"@type":"BreadcrumbList","@id":"https:\/\/www.museumtv.art\/en\/program\/27327-clementine-de-la-feronniere-art-gallery-morphe-by-jesse-willems-s-e01\/#breadcrumb","itemListElement":[{"@type":"ListItem","position":1,"name":"Accueil","item":"https:\/\/www.museumtv.art\/en\/"},{"@type":"ListItem","position":2,"name":"Programs","item":"https:\/\/www.museumtv.art\/programs\/"},{"@type":"ListItem","position":3,"name":"Cl\u00e9mentine de la F\u00e9ronni\u00e8re Art gallery &#8211; &lsquo;Morphe&rsquo; by Jesse Willems"}]},{"@type":"WebSite","@id":"https:\/\/www.museumtv.art\/#website","url":"https:\/\/www.museumtv.art\/","name":"Museum TV","description":"The first channel dedicated to art","publisher":{"@id":"https:\/\/www.museumtv.art\/#organization"},"potentialAction":[{"@type":"SearchAction","target":{"@type":"EntryPoint","urlTemplate":"https:\/\/www.museumtv.art\/?s={search_term_string}"},"query-input":{"@type":"PropertyValueSpecification","valueRequired":true,"valueName":"search_term_string"}}],"inLanguage":"en-US"},{"@type":"Organization","@id":"https:\/\/www.museumtv.art\/#organization","name":"Museum TV","url":"https:\/\/www.museumtv.art\/","logo":{"@type":"ImageObject","inLanguage":"en-US","@id":"https:\/\/www.museumtv.art\/#\/schema\/logo\/image\/","url":"https:\/\/www.museumtv.art\/wp-content\/uploads\/2021\/10\/apple-touch-icon-1.png","contentUrl":"https:\/\/www.museumtv.art\/wp-content\/uploads\/2021\/10\/apple-touch-icon-1.png","width":180,"height":180,"caption":"Museum TV"},"image":{"@id":"https:\/\/www.museumtv.art\/#\/schema\/logo\/image\/"},"sameAs":["https:\/\/www.facebook.com\/museumtv.art\/","https:\/\/www.instagram.com\/museumtv_art\/?hl=fr","https:\/\/www.linkedin.com\/company\/museumtv"]}]}},"status_options":[{"label":"Inactive","value":"inactive"}],"_links":{"self":[{"href":"https:\/\/www.museumtv.art\/en\/wp-json\/wp\/v2\/programs\/214390","targetHints":{"allow":["GET"]}}],"collection":[{"href":"https:\/\/www.museumtv.art\/en\/wp-json\/wp\/v2\/programs"}],"about":[{"href":"https:\/\/www.museumtv.art\/en\/wp-json\/wp\/v2\/types\/program"}],"wp:featuredmedia":[{"embeddable":true,"href":"https:\/\/www.museumtv.art\/en\/wp-json\/wp\/v2\/media\/214389"}],"wp:attachment":[{"href":"https:\/\/www.museumtv.art\/en\/wp-json\/wp\/v2\/media?parent=214390"}],"wp:term":[{"taxonomy":"program_type","embeddable":true,"href":"https:\/\/www.museumtv.art\/en\/wp-json\/wp\/v2\/program_type?post=214390"},{"taxonomy":"group","embeddable":true,"href":"https:\/\/www.museumtv.art\/en\/wp-json\/wp\/v2\/group?post=214390"},{"taxonomy":"d_category","embeddable":true,"href":"https:\/\/www.museumtv.art\/en\/wp-json\/wp\/v2\/d_category?post=214390"},{"taxonomy":"genre","embeddable":true,"href":"https:\/\/www.museumtv.art\/en\/wp-json\/wp\/v2\/genre?post=214390"}],"curies":[{"name":"wp","href":"https:\/\/api.w.org\/{rel}","templated":true}]}}