{"id":207105,"date":"2024-12-09T14:17:17","date_gmt":"2024-12-09T14:17:17","guid":{"rendered":"https:\/\/www.museumtv.art\/?page_id=207105"},"modified":"2024-12-18T15:20:35","modified_gmt":"2024-12-18T15:20:35","slug":"museum-tv-4k-kalendarz-adwentowy","status":"publish","type":"page","link":"https:\/\/www.museumtv.art\/en\/museum-tv-4k-kalendarz-adwentowy\/","title":{"rendered":"MUSEUM TV | 4K KALENDARZ ADWENTOWY"},"content":{"rendered":"\n<h2 class=\"wp-block-heading\"><strong>W grudniu <a href=\"https:\/\/www.museumtv.art\/\">Museum TV<\/a> zaprasza na wyj\u0105tkowy miesi\u0105c!<\/strong><\/h2>\n\n\n\n<p>\u015awi\u0119tuj koniec roku z naszym artystycznym Kalendarzem Adwentowym: ka\u017cdego dnia odkrywaj niespodziank\u0119 \u2013 dokument starannie wybrany spo\u015br\u00f3d naszych najlepszych program\u00f3w.<\/p>\n\n\n<div class=\"wp-block-image\">\n<figure class=\"aligncenter size-large is-resized\"><img loading=\"lazy\" decoding=\"async\" width=\"1024\" height=\"683\" src=\"https:\/\/www.museumtv.art\/wp-content\/uploads\/2024\/12\/pexels-george-dolgikh-551816-1666065-1024x683.jpg\" alt=\"Divers paquets cadeaux dans les tons festifs de No\u00ebl\" class=\"wp-image-207106\" style=\"aspect-ratio:16\/9;object-fit:cover;width:507px;height:auto\" srcset=\"https:\/\/www.museumtv.art\/wp-content\/uploads\/2024\/12\/pexels-george-dolgikh-551816-1666065-1024x683.jpg 1024w, https:\/\/www.museumtv.art\/wp-content\/uploads\/2024\/12\/pexels-george-dolgikh-551816-1666065-300x200.jpg 300w, https:\/\/www.museumtv.art\/wp-content\/uploads\/2024\/12\/pexels-george-dolgikh-551816-1666065-768x512.jpg 768w, https:\/\/www.museumtv.art\/wp-content\/uploads\/2024\/12\/pexels-george-dolgikh-551816-1666065-1536x1024.jpg 1536w, https:\/\/www.museumtv.art\/wp-content\/uploads\/2024\/12\/pexels-george-dolgikh-551816-1666065-2048x1365.jpg 2048w\" sizes=\"auto, (max-width: 1024px) 100vw, 1024px\" \/><\/figure><\/div>\n\n\n<div style=\"height:50px\" aria-hidden=\"true\" class=\"wp-block-spacer\"><\/div>\n\n\n\n<div style=\"height:50px\" aria-hidden=\"true\" class=\"wp-block-spacer\"><\/div>\n\n\n\n<h2 class=\"wp-block-heading\">Museum TV | 4K jest dost\u0119pna poprzez:<\/h2>\n\n\n\n<div style=\"height:22px\" aria-hidden=\"true\" class=\"wp-block-spacer\"><\/div>\n\n\n\n<div class=\"wp-block-group is-layout-grid wp-container-core-group-is-layout-1 wp-block-group-is-layout-grid\">\n<figure class=\"wp-block-image size-full wp-container-content-1\"><a href=\"https:\/\/pl.canalplus.com\/oferta-satelitarna\/ \"><img loading=\"lazy\" decoding=\"async\" width=\"1000\" height=\"1000\" src=\"https:\/\/www.museumtv.art\/wp-content\/uploads\/2024\/12\/Logo-Canal-Plus-1000x1000-1.jpg\" alt=\"\" class=\"wp-image-212289\" style=\"aspect-ratio:1;object-fit:cover\" srcset=\"https:\/\/www.museumtv.art\/wp-content\/uploads\/2024\/12\/Logo-Canal-Plus-1000x1000-1.jpg 1000w, https:\/\/www.museumtv.art\/wp-content\/uploads\/2024\/12\/Logo-Canal-Plus-1000x1000-1-300x300.jpg 300w, https:\/\/www.museumtv.art\/wp-content\/uploads\/2024\/12\/Logo-Canal-Plus-1000x1000-1-150x150.jpg 150w, https:\/\/www.museumtv.art\/wp-content\/uploads\/2024\/12\/Logo-Canal-Plus-1000x1000-1-768x768.jpg 768w\" sizes=\"auto, (max-width: 1000px) 100vw, 1000px\" \/><\/a><figcaption class=\"wp-element-caption\"><strong><a href=\"https:\/\/bit.ly\/49JKa56\" target=\"_blank\" rel=\"noreferrer noopener\"><mark style=\"background-color:rgba(0, 0, 0, 0)\" class=\"has-inline-color has-luminous-vivid-amber-color\"><span style=\"text-decoration: underline;\">Canal 127<\/span><\/mark><\/a><\/strong><\/figcaption><\/figure>\n\n\n\n<figure class=\"wp-block-image size-full wp-duotone-unset-1\"><a href=\"https:\/\/jmdi.pl\/telewizja\/komfort-plus-4k\/ \"><img loading=\"lazy\" decoding=\"async\" width=\"1000\" height=\"1000\" src=\"https:\/\/www.museumtv.art\/wp-content\/uploads\/2024\/12\/Logo-JMDI-1000x1000-1.jpg\" alt=\"\" class=\"wp-image-212290\" srcset=\"https:\/\/www.museumtv.art\/wp-content\/uploads\/2024\/12\/Logo-JMDI-1000x1000-1.jpg 1000w, https:\/\/www.museumtv.art\/wp-content\/uploads\/2024\/12\/Logo-JMDI-1000x1000-1-300x300.jpg 300w, https:\/\/www.museumtv.art\/wp-content\/uploads\/2024\/12\/Logo-JMDI-1000x1000-1-150x150.jpg 150w, https:\/\/www.museumtv.art\/wp-content\/uploads\/2024\/12\/Logo-JMDI-1000x1000-1-768x768.jpg 768w\" sizes=\"auto, (max-width: 1000px) 100vw, 1000px\" \/><\/a><figcaption class=\"wp-element-caption\"><strong><a href=\"https:\/\/bit.ly\/3ZAa86g\" target=\"_blank\" rel=\"noreferrer noopener\"><mark style=\"background-color:rgba(0, 0, 0, 0)\" class=\"has-inline-color has-luminous-vivid-amber-color\"><span style=\"text-decoration: underline;\">Canal 403<\/span><\/mark><\/a><\/strong><\/figcaption><\/figure>\n\n\n\n<figure class=\"wp-block-image size-full wp-container-content-2\"><a href=\"https:\/\/sklep.polsatbox.pl\/kampania-tv-swiatlowod \"><img loading=\"lazy\" decoding=\"async\" width=\"1000\" height=\"1000\" src=\"https:\/\/www.museumtv.art\/wp-content\/uploads\/2024\/12\/Logo-Polsat-1000x1000-1.png\" alt=\"\" class=\"wp-image-212291\" style=\"aspect-ratio:1;object-fit:cover\" srcset=\"https:\/\/www.museumtv.art\/wp-content\/uploads\/2024\/12\/Logo-Polsat-1000x1000-1.png 1000w, https:\/\/www.museumtv.art\/wp-content\/uploads\/2024\/12\/Logo-Polsat-1000x1000-1-300x300.png 300w, https:\/\/www.museumtv.art\/wp-content\/uploads\/2024\/12\/Logo-Polsat-1000x1000-1-150x150.png 150w, https:\/\/www.museumtv.art\/wp-content\/uploads\/2024\/12\/Logo-Polsat-1000x1000-1-768x768.png 768w\" sizes=\"auto, (max-width: 1000px) 100vw, 1000px\" \/><\/a><figcaption class=\"wp-element-caption\"><strong><a href=\"https:\/\/bit.ly\/3DfqcTx\" target=\"_blank\" rel=\"noreferrer noopener\"><mark style=\"background-color:rgba(0, 0, 0, 0)\" class=\"has-inline-color has-luminous-vivid-amber-color\"><span style=\"text-decoration: underline;\">Canal 722 &amp; 847<\/span><\/mark><\/a><\/strong><\/figcaption><\/figure>\n\n\n\n<figure class=\"wp-block-image size-full wp-container-content-3\"><a href=\"https:\/\/www.netia.pl\/pl\/telewizja\/kanaly-tv  \"><img loading=\"lazy\" decoding=\"async\" width=\"1000\" height=\"1000\" src=\"https:\/\/www.museumtv.art\/wp-content\/uploads\/2024\/12\/Logo-Netia-1000x1000-1.png\" alt=\"\" class=\"wp-image-212292\" style=\"aspect-ratio:1;object-fit:cover\" srcset=\"https:\/\/www.museumtv.art\/wp-content\/uploads\/2024\/12\/Logo-Netia-1000x1000-1.png 1000w, https:\/\/www.museumtv.art\/wp-content\/uploads\/2024\/12\/Logo-Netia-1000x1000-1-300x300.png 300w, https:\/\/www.museumtv.art\/wp-content\/uploads\/2024\/12\/Logo-Netia-1000x1000-1-150x150.png 150w, https:\/\/www.museumtv.art\/wp-content\/uploads\/2024\/12\/Logo-Netia-1000x1000-1-768x768.png 768w\" sizes=\"auto, (max-width: 1000px) 100vw, 1000px\" \/><\/a><figcaption class=\"wp-element-caption\"><strong><a href=\"https:\/\/bit.ly\/3OZhXOf\" target=\"_blank\" rel=\"noreferrer noopener\"><mark style=\"background-color:rgba(0, 0, 0, 0)\" class=\"has-inline-color has-luminous-vivid-amber-color\"><span style=\"text-decoration: underline;\">Canal 33 &amp; 283<\/span><\/mark><\/a><\/strong><\/figcaption><\/figure>\n\n\n\n<figure class=\"wp-block-image size-full object-contain\"><a href=\"https:\/\/www.eastwest.com.pl\/telewizja  \"><img loading=\"lazy\" decoding=\"async\" width=\"1000\" height=\"1000\" src=\"https:\/\/www.museumtv.art\/wp-content\/uploads\/2024\/12\/Logo-East-West-1000x1000-1.jpg\" alt=\"\" class=\"wp-image-212293\" style=\"aspect-ratio:1;object-fit:cover\" srcset=\"https:\/\/www.museumtv.art\/wp-content\/uploads\/2024\/12\/Logo-East-West-1000x1000-1.jpg 1000w, https:\/\/www.museumtv.art\/wp-content\/uploads\/2024\/12\/Logo-East-West-1000x1000-1-300x300.jpg 300w, https:\/\/www.museumtv.art\/wp-content\/uploads\/2024\/12\/Logo-East-West-1000x1000-1-150x150.jpg 150w, https:\/\/www.museumtv.art\/wp-content\/uploads\/2024\/12\/Logo-East-West-1000x1000-1-768x768.jpg 768w\" sizes=\"auto, (max-width: 1000px) 100vw, 1000px\" \/><\/a><figcaption class=\"wp-element-caption\"><strong><a href=\"https:\/\/bit.ly\/3ZJsUrV\" target=\"_blank\" rel=\"noreferrer noopener\"><mark style=\"background-color:rgba(0, 0, 0, 0)\" class=\"has-inline-color has-luminous-vivid-amber-color\"><span style=\"text-decoration: underline;\">Canal 401<\/span><\/mark><\/a><\/strong><\/figcaption><\/figure>\n\n\n\n<figure class=\"wp-block-image size-full\"><a href=\"https:\/\/www.t-mobile.pl\/c\/magenta-dom\/telewizja?srsltid=AfmBOop6uyXBcZvhWyFd4S1Jihsx2MHUTtR_wH8ktoaxb9TrGTSZ8VKR  \"><img loading=\"lazy\" decoding=\"async\" width=\"1000\" height=\"1000\" src=\"https:\/\/www.museumtv.art\/wp-content\/uploads\/2024\/12\/Logo-Tmobiles-1000x1000-1.png\" alt=\"\" class=\"wp-image-212294\" style=\"aspect-ratio:1;object-fit:cover\" srcset=\"https:\/\/www.museumtv.art\/wp-content\/uploads\/2024\/12\/Logo-Tmobiles-1000x1000-1.png 1000w, https:\/\/www.museumtv.art\/wp-content\/uploads\/2024\/12\/Logo-Tmobiles-1000x1000-1-300x300.png 300w, https:\/\/www.museumtv.art\/wp-content\/uploads\/2024\/12\/Logo-Tmobiles-1000x1000-1-150x150.png 150w, https:\/\/www.museumtv.art\/wp-content\/uploads\/2024\/12\/Logo-Tmobiles-1000x1000-1-768x768.png 768w\" sizes=\"auto, (max-width: 1000px) 100vw, 1000px\" \/><\/a><figcaption class=\"wp-element-caption\"><strong><a href=\"https:\/\/bit.ly\/4gjuY0R\" target=\"_blank\" rel=\"noreferrer noopener\"><mark style=\"background-color:rgba(0, 0, 0, 0)\" class=\"has-inline-color has-luminous-vivid-amber-color\"><span style=\"text-decoration: underline;\">Canal 521<\/span><\/mark><\/a><\/strong><\/figcaption><\/figure>\n<\/div>\n\n\n\n<div style=\"height:50px\" aria-hidden=\"true\" class=\"wp-block-spacer\"><\/div>\n\n\n\n<div style=\"height:50px\" aria-hidden=\"true\" class=\"wp-block-spacer\"><\/div>\n\n\n\n<pre class=\"wp-block-code\"><code><\/code><\/pre>\n\n\n\n<h2 class=\"wp-block-heading\">Programy kalendarza adwentowego w Museum TV | 4K:<\/h2>\n\n\n\n<div style=\"height:22px\" aria-hidden=\"true\" class=\"wp-block-spacer\"><\/div>\n\n\n\n<div class=\"wp-block-media-text is-stacked-on-mobile\"><figure class=\"wp-block-media-text__media\"><img loading=\"lazy\" decoding=\"async\" width=\"1024\" height=\"575\" src=\"https:\/\/www.museumtv.art\/wp-content\/uploads\/2024\/12\/pexels-andrew-neel-2123337-scaled-e1733307753146-1024x575.jpg\" alt=\"Programy kalendarz adwentowy w Museum TV | 4K - Najwi\u0119ksze muzea sztuki na \u015bwiecie\" class=\"wp-image-207109 size-medium\" srcset=\"https:\/\/www.museumtv.art\/wp-content\/uploads\/2024\/12\/pexels-andrew-neel-2123337-scaled-e1733307753146-1024x575.jpg 1024w, https:\/\/www.museumtv.art\/wp-content\/uploads\/2024\/12\/pexels-andrew-neel-2123337-scaled-e1733307753146-300x169.jpg 300w, https:\/\/www.museumtv.art\/wp-content\/uploads\/2024\/12\/pexels-andrew-neel-2123337-scaled-e1733307753146-768x431.jpg 768w, https:\/\/www.museumtv.art\/wp-content\/uploads\/2024\/12\/pexels-andrew-neel-2123337-scaled-e1733307753146-1536x863.jpg 1536w, https:\/\/www.museumtv.art\/wp-content\/uploads\/2024\/12\/pexels-andrew-neel-2123337-scaled-e1733307753146-2048x1150.jpg 2048w\" sizes=\"auto, (max-width: 1024px) 100vw, 1024px\" \/><\/figure><div class=\"wp-block-media-text__content\">\n<h2 class=\"wp-block-heading has-medium-font-size\">Sobota, 7 grudnia o 20:30<br><strong>Najwi\u0119ksze muzea sztuki na \u015bwiecie<\/strong><\/h2>\n\n\n\n<p class=\"has-small-font-size\">W tej serii zabierzemy Ci\u0119 do najwi\u0119kszych muze\u00f3w malarstwa na \u015bwiecie. Niezale\u017cnie od tego, czy znajduj\u0105 si\u0119 w Amsterdamie, Londynie, Nowym Jorku czy Sankt Petersburgu, muzea te mieszcz\u0105 jedne z najwspanialszych dzie\u0142 sztuki w historii i co roku odwiedzaj\u0105 je miliony turyst\u00f3w.<\/p>\n<\/div><\/div>\n\n\n\n<div class=\"wp-block-media-text has-media-on-the-right is-stacked-on-mobile\"><div class=\"wp-block-media-text__content\">\n<h2 class=\"wp-block-heading has-medium-font-size\">Poniedzia\u0142ek, 9 grudnia o 20:45<br><strong>Zamki warowne: pocz\u0105tki<\/strong><\/h2>\n\n\n\n<p class=\"has-small-font-size\">Ten odcinek bada trzy stulecia wyzwa\u0144 architektonicznych i innowacji.<\/p>\n<\/div><figure class=\"wp-block-media-text__media\"><img loading=\"lazy\" decoding=\"async\" width=\"1024\" height=\"576\" src=\"https:\/\/www.museumtv.art\/wp-content\/uploads\/2024\/12\/pexels-slimmars-13-197677686-14282968-1024x576.jpg\" alt=\"Programy kalendarz adwentowy w Museum TV | 4K - Zamki warowne: pocz\u0105tki\" class=\"wp-image-207110 size-full\" srcset=\"https:\/\/www.museumtv.art\/wp-content\/uploads\/2024\/12\/pexels-slimmars-13-197677686-14282968-1024x576.jpg 1024w, https:\/\/www.museumtv.art\/wp-content\/uploads\/2024\/12\/pexels-slimmars-13-197677686-14282968-300x169.jpg 300w, https:\/\/www.museumtv.art\/wp-content\/uploads\/2024\/12\/pexels-slimmars-13-197677686-14282968-768x432.jpg 768w, https:\/\/www.museumtv.art\/wp-content\/uploads\/2024\/12\/pexels-slimmars-13-197677686-14282968-1536x864.jpg 1536w, https:\/\/www.museumtv.art\/wp-content\/uploads\/2024\/12\/pexels-slimmars-13-197677686-14282968-2048x1152.jpg 2048w\" sizes=\"auto, (max-width: 1024px) 100vw, 1024px\" \/><\/figure><\/div>\n\n\n\n<div class=\"wp-block-media-text is-stacked-on-mobile\"><figure class=\"wp-block-media-text__media\"><img loading=\"lazy\" decoding=\"async\" width=\"1024\" height=\"576\" src=\"https:\/\/www.museumtv.art\/wp-content\/uploads\/2024\/12\/LE-JOUR-LEUR-APPARTIENT-Paysage-CLEAN-1024x576.png\" alt=\"Programy kalendarz adwentowy w Museum TV | 4K - Street Art - Dzie\u0144 nale\u017cy do nich\" class=\"wp-image-207112 size-full\" srcset=\"https:\/\/www.museumtv.art\/wp-content\/uploads\/2024\/12\/LE-JOUR-LEUR-APPARTIENT-Paysage-CLEAN-1024x576.png 1024w, https:\/\/www.museumtv.art\/wp-content\/uploads\/2024\/12\/LE-JOUR-LEUR-APPARTIENT-Paysage-CLEAN-300x169.png 300w, https:\/\/www.museumtv.art\/wp-content\/uploads\/2024\/12\/LE-JOUR-LEUR-APPARTIENT-Paysage-CLEAN-768x432.png 768w, https:\/\/www.museumtv.art\/wp-content\/uploads\/2024\/12\/LE-JOUR-LEUR-APPARTIENT-Paysage-CLEAN-1536x864.png 1536w, https:\/\/www.museumtv.art\/wp-content\/uploads\/2024\/12\/LE-JOUR-LEUR-APPARTIENT-Paysage-CLEAN.png 1920w\" sizes=\"auto, (max-width: 1024px) 100vw, 1024px\" \/><\/figure><div class=\"wp-block-media-text__content\">\n<h2 class=\"wp-block-heading has-medium-font-size\">Wtorek, 10 grudnia o 20:00<br><strong><strong>Street Art &#8211; Dzie\u0144 nale\u017cy do nich<\/strong><\/strong><\/h2>\n\n\n\n<p class=\"has-small-font-size\">Od \u201ezwyk\u0142ych\u201d tag\u00f3w po gigantyczne, kolorowe murale i kola\u017ce \u2013 sztuka uliczna, kiedy\u015b t\u0142umiona, dzi\u015b sta\u0142a si\u0119 otwart\u0105 form\u0105 ekspresji. Kiedy nast\u0105pi\u0142a ta zmiana?<\/p>\n<\/div><\/div>\n\n\n\n<div class=\"wp-block-media-text has-media-on-the-right is-stacked-on-mobile\"><div class=\"wp-block-media-text__content\">\n<h2 class=\"wp-block-heading has-medium-font-size\">\u015aroda 11 grudnia o 19:40<br><strong><strong>Francis Meslet, fotograf ciszy<\/strong><\/strong><\/h2>\n\n\n\n<p class=\"has-small-font-size\">Francis Meslet w wolnym czasie podr\u00f3\u017cuje po \u015bwiecie, poszukuj\u0105c opuszczonych miejsc \u2013 sanktuari\u00f3w, w kt\u00f3rych czas zatrzyma\u0142 si\u0119 po tym, jak cz\u0142owiek dobrowolnie zamkn\u0105\u0142 drzwi lub ,,zostawi\u0142 je otwarte\u2019\u2019. To retroperspetywa w czasie stanowi\u0105ca ucieczk\u0119 od pyta\u0144 i codzienno\u015bci.<\/p>\n<\/div><figure class=\"wp-block-media-text__media\"><img loading=\"lazy\" decoding=\"async\" width=\"1024\" height=\"570\" src=\"https:\/\/www.museumtv.art\/wp-content\/uploads\/2024\/12\/Museum_Francis-Meslet_11-1024x570.png\" alt=\"Programy kalendarz adwentowy w Museum TV | 4K - Francis Meslet, fotograf ciszy\" class=\"wp-image-207120 size-full\" srcset=\"https:\/\/www.museumtv.art\/wp-content\/uploads\/2024\/12\/Museum_Francis-Meslet_11-1024x570.png 1024w, https:\/\/www.museumtv.art\/wp-content\/uploads\/2024\/12\/Museum_Francis-Meslet_11-300x167.png 300w, https:\/\/www.museumtv.art\/wp-content\/uploads\/2024\/12\/Museum_Francis-Meslet_11-768x428.png 768w, https:\/\/www.museumtv.art\/wp-content\/uploads\/2024\/12\/Museum_Francis-Meslet_11-1536x855.png 1536w, https:\/\/www.museumtv.art\/wp-content\/uploads\/2024\/12\/Museum_Francis-Meslet_11-2048x1141.png 2048w\" sizes=\"auto, (max-width: 1024px) 100vw, 1024px\" \/><\/figure><\/div>\n\n\n\n<div class=\"wp-block-media-text is-stacked-on-mobile\"><figure class=\"wp-block-media-text__media\"><img loading=\"lazy\" decoding=\"async\" width=\"1024\" height=\"576\" src=\"https:\/\/www.museumtv.art\/wp-content\/uploads\/2024\/09\/the-worlds-greatest-painters-season-1-kees-van-dongen66d5a295827bb-1024x576.jpg\" alt=\"Programy kalendarz adwentowy w Museum TV | 4K - Kees van Dongen\" class=\"wp-image-149753 size-full\" srcset=\"https:\/\/www.museumtv.art\/wp-content\/uploads\/2024\/09\/the-worlds-greatest-painters-season-1-kees-van-dongen66d5a295827bb-1024x576.jpg 1024w, https:\/\/www.museumtv.art\/wp-content\/uploads\/2024\/09\/the-worlds-greatest-painters-season-1-kees-van-dongen66d5a295827bb-300x169.jpg 300w, https:\/\/www.museumtv.art\/wp-content\/uploads\/2024\/09\/the-worlds-greatest-painters-season-1-kees-van-dongen66d5a295827bb-768x432.jpg 768w, https:\/\/www.museumtv.art\/wp-content\/uploads\/2024\/09\/the-worlds-greatest-painters-season-1-kees-van-dongen66d5a295827bb-1536x864.jpg 1536w, https:\/\/www.museumtv.art\/wp-content\/uploads\/2024\/09\/the-worlds-greatest-painters-season-1-kees-van-dongen66d5a295827bb.jpg 1920w\" sizes=\"auto, (max-width: 1024px) 100vw, 1024px\" \/><\/figure><div class=\"wp-block-media-text__content\">\n<h2 class=\"wp-block-heading has-medium-font-size\">Czwartek, 12 grudnia o 19:40<br><strong><strong><strong>Kees van Dongen<\/strong><\/strong><\/strong><\/h2>\n\n\n\n<p class=\"has-small-font-size\">Podczas wizyt eksperci sztuki b\u0119d\u0105 analizowa\u0107 arcydzie\u0142a tych malarzy, uwzgl\u0119dniaj\u0105c ich style malarskie oraz rozw\u00f3j ich umiej\u0119tno\u015bci w trakcie kariery, ogl\u0105daj\u0105c ich dzie\u0142a w muzeach. Kees van Dongen by\u0142 holenderskim malarzem, przedstawicielem fowizmu. Jego wczesna tw\u00f3rczo\u015b\u0107 by\u0142a inspirowana symbolizmem oraz narodzinami pointylizmu.<\/p>\n<\/div><\/div>\n\n\n\n<div class=\"wp-block-media-text has-media-on-the-right is-stacked-on-mobile\"><div class=\"wp-block-media-text__content\">\n<h2 class=\"wp-block-heading has-medium-font-size\">Niedziela, 15 grudnia o 20:25<br><strong><strong><strong>Fotografia drukarska<\/strong><\/strong><\/strong><\/h2>\n\n\n\n<p class=\"has-small-font-size\">Fotograf Bruno Dewaele prosi Antoine\u2019a Agoudjiana o kilka du\u017cych analogowych odbitek, gdy ten przygotowuje wystaw\u0119. I tak rozpoczyna si\u0119 ich ponad 20 letnia wsp\u00f3\u0142praca pe\u0142na wzajemnej interaakcji. Zobaczmy drog\u0119 od negatywu do fotografii drukowanej.<\/p>\n<\/div><figure class=\"wp-block-media-text__media\"><img loading=\"lazy\" decoding=\"async\" width=\"1024\" height=\"577\" src=\"https:\/\/www.museumtv.art\/wp-content\/uploads\/2024\/12\/iStock-956578042-scaled-e1733309735212-1024x577.jpg\" alt=\"Programy kalendarz adwentowy w Museum TV | 4K - Fotografia drukarska\" class=\"wp-image-207121 size-full\" srcset=\"https:\/\/www.museumtv.art\/wp-content\/uploads\/2024\/12\/iStock-956578042-scaled-e1733309735212-1024x577.jpg 1024w, https:\/\/www.museumtv.art\/wp-content\/uploads\/2024\/12\/iStock-956578042-scaled-e1733309735212-300x169.jpg 300w, https:\/\/www.museumtv.art\/wp-content\/uploads\/2024\/12\/iStock-956578042-scaled-e1733309735212-768x433.jpg 768w, https:\/\/www.museumtv.art\/wp-content\/uploads\/2024\/12\/iStock-956578042-scaled-e1733309735212-1536x865.jpg 1536w, https:\/\/www.museumtv.art\/wp-content\/uploads\/2024\/12\/iStock-956578042-scaled-e1733309735212-2048x1154.jpg 2048w\" sizes=\"auto, (max-width: 1024px) 100vw, 1024px\" \/><\/figure><\/div>\n\n\n\n<div class=\"wp-block-media-text is-stacked-on-mobile\"><figure class=\"wp-block-media-text__media\"><img loading=\"lazy\" decoding=\"async\" width=\"1024\" height=\"576\" src=\"https:\/\/www.museumtv.art\/wp-content\/uploads\/2023\/05\/decoding-da-vinci64553673d6a0d-1024x576.jpg\" alt=\"Programy kalendarz adwentowy w Museum TV | 4K - Dekodowanie Da Vinci\" class=\"wp-image-147008 size-full\" srcset=\"https:\/\/www.museumtv.art\/wp-content\/uploads\/2023\/05\/decoding-da-vinci64553673d6a0d-1024x576.jpg 1024w, https:\/\/www.museumtv.art\/wp-content\/uploads\/2023\/05\/decoding-da-vinci64553673d6a0d-300x169.jpg 300w, https:\/\/www.museumtv.art\/wp-content\/uploads\/2023\/05\/decoding-da-vinci64553673d6a0d-768x432.jpg 768w, https:\/\/www.museumtv.art\/wp-content\/uploads\/2023\/05\/decoding-da-vinci64553673d6a0d-1536x864.jpg 1536w, https:\/\/www.museumtv.art\/wp-content\/uploads\/2023\/05\/decoding-da-vinci64553673d6a0d.jpg 1920w\" sizes=\"auto, (max-width: 1024px) 100vw, 1024px\" \/><\/figure><div class=\"wp-block-media-text__content\">\n<h2 class=\"wp-block-heading has-medium-font-size\">Poniedzia\u0142ek, 16 grudnia o 20:25<br><strong><strong><strong><strong>Dekodowanie Da Vinci<\/strong><\/strong><\/strong><\/strong><\/h2>\n\n\n\n<p class=\"has-small-font-size\">W 2019 roku obchodzono 500. rocznic\u0119 \u015bmierci Leonarda da Vinci. Z tej okazji w Luwrze zorganizowano du\u017c\u0105 wystaw\u0119 po\u015bwi\u0119con\u0105 tw\u00f3rczo\u015bci najs\u0142ynniejszego malarza renesansu na \u015bwiecie.<\/p>\n<\/div><\/div>\n\n\n\n<div class=\"wp-block-media-text has-media-on-the-right is-stacked-on-mobile\"><div class=\"wp-block-media-text__content\">\n<h2 class=\"wp-block-heading has-medium-font-size\">Wtorek, 17 grudnia o 20:00<br><strong><strong>Zamki: Powstanie i Upadek<\/strong><\/strong><\/h2>\n\n\n\n<p class=\"has-small-font-size\">Ten odcinek przedstawia ewolucj\u0119 system\u00f3w obronnych, kt\u00f3re zamki zyska\u0142y pocz\u0105wszy od XIV wieku.<\/p>\n<\/div><figure class=\"wp-block-media-text__media\"><img loading=\"lazy\" decoding=\"async\" width=\"1024\" height=\"577\" src=\"https:\/\/www.museumtv.art\/wp-content\/uploads\/2024\/12\/pexels-pixabay-161872-scaled-e1733307803548-1024x577.jpg\" alt=\"Programy kalendarz adwentowy w Museum TV | 4K - Zamki: Powstanie i Upadek\" class=\"wp-image-207111 size-full\" srcset=\"https:\/\/www.museumtv.art\/wp-content\/uploads\/2024\/12\/pexels-pixabay-161872-scaled-e1733307803548-1024x577.jpg 1024w, https:\/\/www.museumtv.art\/wp-content\/uploads\/2024\/12\/pexels-pixabay-161872-scaled-e1733307803548-300x169.jpg 300w, https:\/\/www.museumtv.art\/wp-content\/uploads\/2024\/12\/pexels-pixabay-161872-scaled-e1733307803548-768x433.jpg 768w, https:\/\/www.museumtv.art\/wp-content\/uploads\/2024\/12\/pexels-pixabay-161872-scaled-e1733307803548-1536x865.jpg 1536w, https:\/\/www.museumtv.art\/wp-content\/uploads\/2024\/12\/pexels-pixabay-161872-scaled-e1733307803548-2048x1154.jpg 2048w\" sizes=\"auto, (max-width: 1024px) 100vw, 1024px\" \/><\/figure><\/div>\n\n\n\n<div class=\"wp-block-media-text is-stacked-on-mobile\"><figure class=\"wp-block-media-text__media\"><img loading=\"lazy\" decoding=\"async\" width=\"1024\" height=\"576\" src=\"https:\/\/www.museumtv.art\/wp-content\/uploads\/2024\/09\/bande-annonce-andre-brasilier66d5a4e55714c-1024x576.png\" alt=\"Programy kalendarz adwentowy w Museum TV | 4K - Andr\u00e9 Brasilier - Sk\u0105d si\u0119 bior\u0105 marzenia\" class=\"wp-image-150385 size-full\" srcset=\"https:\/\/www.museumtv.art\/wp-content\/uploads\/2024\/09\/bande-annonce-andre-brasilier66d5a4e55714c-1024x576.png 1024w, https:\/\/www.museumtv.art\/wp-content\/uploads\/2024\/09\/bande-annonce-andre-brasilier66d5a4e55714c-300x169.png 300w, https:\/\/www.museumtv.art\/wp-content\/uploads\/2024\/09\/bande-annonce-andre-brasilier66d5a4e55714c-768x432.png 768w, https:\/\/www.museumtv.art\/wp-content\/uploads\/2024\/09\/bande-annonce-andre-brasilier66d5a4e55714c-1536x864.png 1536w, https:\/\/www.museumtv.art\/wp-content\/uploads\/2024\/09\/bande-annonce-andre-brasilier66d5a4e55714c.png 1920w\" sizes=\"auto, (max-width: 1024px) 100vw, 1024px\" \/><\/figure><div class=\"wp-block-media-text__content\">\n<h2 class=\"wp-block-heading has-medium-font-size\">\u015aroda 18 grudnia o 19:50<br><strong><strong><strong><strong><strong>Andr\u00e9 Brasilier &#8211; Sk\u0105d si\u0119 bior\u0105 marzenia<\/strong><\/strong><\/strong><\/strong><\/strong><\/h2>\n\n\n\n<p class=\"has-small-font-size\">Andr\u00e9 Brasilier to francuski malarz, kt\u00f3ry okre\u015bla si\u0119 jako \u201etransfiguratywny\u201d. Poszukuje harmonii mi\u0119dzy konstrukcj\u0105 plastyczn\u0105 a emocjami, czerpi\u0105c inspiracj\u0119 z samego \u017cycia.<\/p>\n<\/div><\/div>\n\n\n\n<div class=\"wp-block-media-text has-media-on-the-right is-stacked-on-mobile\"><div class=\"wp-block-media-text__content\">\n<h2 class=\"wp-block-heading has-medium-font-size\">\u015aroda 25 grudnia o 19:40<br><strong><strong>Art brut: Kiedy kto\u015b szuka, to znajdzie!<\/strong><\/strong><\/h2>\n\n\n\n<p class=\"has-small-font-size\">Ten dokument wyje\u017cd\u017ca do Francji na pytanie kontury Art Brut. Savine Faupin, kurator dzia\u0142u Art Brut w Lam, Matthew Morin, koneser i kolekcjoner Christian Berst, w\u0142a\u015bciciel tytu\u0142owej galerii w tym dokumencie zatanawiaj\u0105 si\u0119 nad definicj\u0105 Art Brut odwiedzaj\u0105c ca\u0142\u0105 Francj\u0119. Ka\u017cdy z nich pr\u00f3buje okre\u015bli\u0107 co definiuje Art Brut, kt\u00f3ry jest poza czasem i stylem, a przekaz emocjonalny jest bezcenny.<\/p>\n\n\n\n<p class=\"has-small-font-size\"><\/p>\n<\/div><figure class=\"wp-block-media-text__media\"><img loading=\"lazy\" decoding=\"async\" width=\"1024\" height=\"683\" src=\"https:\/\/www.museumtv.art\/wp-content\/uploads\/2024\/12\/pexels-wolfgang-weiser-467045605-23541967-1024x683.jpg\" alt=\"Programy kalendarz adwentowy w Museum TV | 4K - Art brut: Kiedy kto\u015b szuka, to znajdzie!\" class=\"wp-image-207123 size-full\" srcset=\"https:\/\/www.museumtv.art\/wp-content\/uploads\/2024\/12\/pexels-wolfgang-weiser-467045605-23541967-1024x683.jpg 1024w, https:\/\/www.museumtv.art\/wp-content\/uploads\/2024\/12\/pexels-wolfgang-weiser-467045605-23541967-300x200.jpg 300w, https:\/\/www.museumtv.art\/wp-content\/uploads\/2024\/12\/pexels-wolfgang-weiser-467045605-23541967-768x512.jpg 768w, https:\/\/www.museumtv.art\/wp-content\/uploads\/2024\/12\/pexels-wolfgang-weiser-467045605-23541967-1536x1024.jpg 1536w\" sizes=\"auto, (max-width: 1024px) 100vw, 1024px\" \/><\/figure><\/div>\n\n\n\n<div style=\"height:22px\" aria-hidden=\"true\" class=\"wp-block-spacer\"><\/div>\n\n\n\n<div style=\"height:22px\" aria-hidden=\"true\" class=\"wp-block-spacer\"><\/div>\n\n\n\n<h2 class=\"wp-block-heading\">Oto zapowied\u017a tego, co na Ciebie czeka:<\/h2>\n\n\n\n<div style=\"height:22px\" aria-hidden=\"true\" class=\"wp-block-spacer\"><\/div>\n\n\n\n<figure class=\"wp-block-embed is-type-video is-provider-vimeo wp-block-embed-vimeo wp-embed-aspect-16-9 wp-has-aspect-ratio\"><div class=\"wp-block-embed__wrapper\">\n<iframe loading=\"lazy\" title=\"Trailer - Museum TV Advent Calendar - December 1st to 25th\" src=\"https:\/\/player.vimeo.com\/video\/1035524007?h=1bbca28515&amp;dnt=1&amp;app_id=122963\" width=\"500\" height=\"281\" frameborder=\"0\" allow=\"autoplay; fullscreen; picture-in-picture; clipboard-write\"><\/iframe>\n<\/div><\/figure>\n\n\n\n<div style=\"height:22px\" aria-hidden=\"true\" class=\"wp-block-spacer\"><\/div>\n\n\n\n<p><\/p>\n","protected":false},"excerpt":{"rendered":"<p>W grudniu Museum TV zaprasza na wyj\u0105tkowy miesi\u0105c! \u015awi\u0119tuj koniec roku z naszym artystycznym Kalendarzem Adwentowym: ka\u017cdego dnia odkrywaj niespodziank\u0119 \u2013 dokument starannie wybrany spo\u015br\u00f3d naszych najlepszych program\u00f3w. Museum TV | 4K jest dost\u0119pna poprzez: Programy kalendarza adwentowego w Museum TV | 4K: Sobota, 7 grudnia o 20:30Najwi\u0119ksze muzea sztuki na \u015bwiecie W tej serii [&hellip;]<\/p>\n","protected":false},"author":102,"featured_media":207106,"parent":0,"menu_order":0,"comment_status":"closed","ping_status":"closed","template":"","meta":{"footnotes":""},"class_list":["post-207105","page","type-page","status-publish","has-post-thumbnail","hentry"],"yoast_head":"<!-- This site is optimized with the Yoast SEO plugin v24.0 - https:\/\/yoast.com\/wordpress\/plugins\/seo\/ -->\n<title>MUSEUM TV | 4K KALENDARZ ADWENTOWY - Museum TV<\/title>\n<meta name=\"description\" content=\"\u015awi\u0119tuj koniec roku z naszym artystycznym Kalendarz Adwentowy: ka\u017cdego dnia dokument wybrany spo\u015br\u00f3d naszych najlepszych program\u00f3w.\" \/>\n<meta name=\"robots\" content=\"index, follow, max-snippet:-1, max-image-preview:large, max-video-preview:-1\" \/>\n<link rel=\"canonical\" href=\"https:\/\/www.museumtv.art\/en\/museum-tv-4k-kalendarz-adwentowy\/\" \/>\n<meta property=\"og:locale\" content=\"en_US\" \/>\n<meta property=\"og:type\" content=\"article\" \/>\n<meta property=\"og:title\" content=\"MUSEUM TV | 4K KALENDARZ ADWENTOWY - Museum TV\" \/>\n<meta property=\"og:description\" content=\"\u015awi\u0119tuj koniec roku z naszym artystycznym Kalendarz Adwentowy: ka\u017cdego dnia dokument wybrany spo\u015br\u00f3d naszych najlepszych program\u00f3w.\" \/>\n<meta property=\"og:url\" content=\"https:\/\/www.museumtv.art\/en\/museum-tv-4k-kalendarz-adwentowy\/\" \/>\n<meta property=\"og:site_name\" content=\"Museum TV\" \/>\n<meta property=\"article:publisher\" content=\"https:\/\/www.facebook.com\/museumtv.art\/\" \/>\n<meta property=\"article:modified_time\" content=\"2024-12-18T15:20:35+00:00\" \/>\n<meta property=\"og:image\" content=\"https:\/\/www.museumtv.art\/wp-content\/uploads\/2024\/12\/pexels-george-dolgikh-551816-1666065-scaled.jpg\" \/>\n\t<meta property=\"og:image:width\" content=\"2560\" \/>\n\t<meta property=\"og:image:height\" content=\"1707\" \/>\n\t<meta property=\"og:image:type\" content=\"image\/jpeg\" \/>\n<meta name=\"twitter:card\" content=\"summary_large_image\" \/>\n<meta name=\"twitter:label1\" content=\"Est. reading time\" \/>\n\t<meta name=\"twitter:data1\" content=\"3 minutes\" \/>\n<script type=\"application\/ld+json\" class=\"yoast-schema-graph\">{\"@context\":\"https:\/\/schema.org\",\"@graph\":[{\"@type\":\"WebPage\",\"@id\":\"https:\/\/www.museumtv.art\/en\/museum-tv-4k-kalendarz-adwentowy\/\",\"url\":\"https:\/\/www.museumtv.art\/en\/museum-tv-4k-kalendarz-adwentowy\/\",\"name\":\"MUSEUM TV | 4K KALENDARZ ADWENTOWY - Museum TV\",\"isPartOf\":{\"@id\":\"https:\/\/www.museumtv.art\/#website\"},\"primaryImageOfPage\":{\"@id\":\"https:\/\/www.museumtv.art\/en\/museum-tv-4k-kalendarz-adwentowy\/#primaryimage\"},\"image\":{\"@id\":\"https:\/\/www.museumtv.art\/en\/museum-tv-4k-kalendarz-adwentowy\/#primaryimage\"},\"thumbnailUrl\":\"https:\/\/www.museumtv.art\/wp-content\/uploads\/2024\/12\/pexels-george-dolgikh-551816-1666065-scaled.jpg\",\"datePublished\":\"2024-12-09T14:17:17+00:00\",\"dateModified\":\"2024-12-18T15:20:35+00:00\",\"description\":\"\u015awi\u0119tuj koniec roku z naszym artystycznym Kalendarz Adwentowy: ka\u017cdego dnia dokument wybrany spo\u015br\u00f3d naszych najlepszych program\u00f3w.\",\"breadcrumb\":{\"@id\":\"https:\/\/www.museumtv.art\/en\/museum-tv-4k-kalendarz-adwentowy\/#breadcrumb\"},\"inLanguage\":\"en-US\",\"potentialAction\":[{\"@type\":\"ReadAction\",\"target\":[\"https:\/\/www.museumtv.art\/en\/museum-tv-4k-kalendarz-adwentowy\/\"]}]},{\"@type\":\"ImageObject\",\"inLanguage\":\"en-US\",\"@id\":\"https:\/\/www.museumtv.art\/en\/museum-tv-4k-kalendarz-adwentowy\/#primaryimage\",\"url\":\"https:\/\/www.museumtv.art\/wp-content\/uploads\/2024\/12\/pexels-george-dolgikh-551816-1666065-scaled.jpg\",\"contentUrl\":\"https:\/\/www.museumtv.art\/wp-content\/uploads\/2024\/12\/pexels-george-dolgikh-551816-1666065-scaled.jpg\",\"width\":2560,\"height\":1707,\"caption\":\"George Dolgikh - Pexels\"},{\"@type\":\"BreadcrumbList\",\"@id\":\"https:\/\/www.museumtv.art\/en\/museum-tv-4k-kalendarz-adwentowy\/#breadcrumb\",\"itemListElement\":[{\"@type\":\"ListItem\",\"position\":1,\"name\":\"Accueil\",\"item\":\"https:\/\/www.museumtv.art\/en\/\"},{\"@type\":\"ListItem\",\"position\":2,\"name\":\"MUSEUM TV | 4K KALENDARZ ADWENTOWY\"}]},{\"@type\":\"WebSite\",\"@id\":\"https:\/\/www.museumtv.art\/#website\",\"url\":\"https:\/\/www.museumtv.art\/\",\"name\":\"Museum TV\",\"description\":\"The first channel dedicated to art\",\"publisher\":{\"@id\":\"https:\/\/www.museumtv.art\/#organization\"},\"potentialAction\":[{\"@type\":\"SearchAction\",\"target\":{\"@type\":\"EntryPoint\",\"urlTemplate\":\"https:\/\/www.museumtv.art\/?s={search_term_string}\"},\"query-input\":{\"@type\":\"PropertyValueSpecification\",\"valueRequired\":true,\"valueName\":\"search_term_string\"}}],\"inLanguage\":\"en-US\"},{\"@type\":\"Organization\",\"@id\":\"https:\/\/www.museumtv.art\/#organization\",\"name\":\"Museum TV\",\"url\":\"https:\/\/www.museumtv.art\/\",\"logo\":{\"@type\":\"ImageObject\",\"inLanguage\":\"en-US\",\"@id\":\"https:\/\/www.museumtv.art\/#\/schema\/logo\/image\/\",\"url\":\"https:\/\/www.museumtv.art\/wp-content\/uploads\/2021\/10\/apple-touch-icon-1.png\",\"contentUrl\":\"https:\/\/www.museumtv.art\/wp-content\/uploads\/2021\/10\/apple-touch-icon-1.png\",\"width\":180,\"height\":180,\"caption\":\"Museum TV\"},\"image\":{\"@id\":\"https:\/\/www.museumtv.art\/#\/schema\/logo\/image\/\"},\"sameAs\":[\"https:\/\/www.facebook.com\/museumtv.art\/\",\"https:\/\/www.instagram.com\/museumtv_art\/?hl=fr\",\"https:\/\/www.linkedin.com\/company\/museumtv\"]}]}<\/script>\n<!-- \/ Yoast SEO plugin. -->","yoast_head_json":{"title":"MUSEUM TV | 4K KALENDARZ ADWENTOWY - Museum TV","description":"\u015awi\u0119tuj koniec roku z naszym artystycznym Kalendarz Adwentowy: ka\u017cdego dnia dokument wybrany spo\u015br\u00f3d naszych najlepszych program\u00f3w.","robots":{"index":"index","follow":"follow","max-snippet":"max-snippet:-1","max-image-preview":"max-image-preview:large","max-video-preview":"max-video-preview:-1"},"canonical":"https:\/\/www.museumtv.art\/en\/museum-tv-4k-kalendarz-adwentowy\/","og_locale":"en_US","og_type":"article","og_title":"MUSEUM TV | 4K KALENDARZ ADWENTOWY - Museum TV","og_description":"\u015awi\u0119tuj koniec roku z naszym artystycznym Kalendarz Adwentowy: ka\u017cdego dnia dokument wybrany spo\u015br\u00f3d naszych najlepszych program\u00f3w.","og_url":"https:\/\/www.museumtv.art\/en\/museum-tv-4k-kalendarz-adwentowy\/","og_site_name":"Museum TV","article_publisher":"https:\/\/www.facebook.com\/museumtv.art\/","article_modified_time":"2024-12-18T15:20:35+00:00","og_image":[{"width":2560,"height":1707,"url":"https:\/\/www.museumtv.art\/wp-content\/uploads\/2024\/12\/pexels-george-dolgikh-551816-1666065-scaled.jpg","type":"image\/jpeg"}],"twitter_card":"summary_large_image","twitter_misc":{"Est. reading time":"3 minutes"},"schema":{"@context":"https:\/\/schema.org","@graph":[{"@type":"WebPage","@id":"https:\/\/www.museumtv.art\/en\/museum-tv-4k-kalendarz-adwentowy\/","url":"https:\/\/www.museumtv.art\/en\/museum-tv-4k-kalendarz-adwentowy\/","name":"MUSEUM TV | 4K KALENDARZ ADWENTOWY - Museum TV","isPartOf":{"@id":"https:\/\/www.museumtv.art\/#website"},"primaryImageOfPage":{"@id":"https:\/\/www.museumtv.art\/en\/museum-tv-4k-kalendarz-adwentowy\/#primaryimage"},"image":{"@id":"https:\/\/www.museumtv.art\/en\/museum-tv-4k-kalendarz-adwentowy\/#primaryimage"},"thumbnailUrl":"https:\/\/www.museumtv.art\/wp-content\/uploads\/2024\/12\/pexels-george-dolgikh-551816-1666065-scaled.jpg","datePublished":"2024-12-09T14:17:17+00:00","dateModified":"2024-12-18T15:20:35+00:00","description":"\u015awi\u0119tuj koniec roku z naszym artystycznym Kalendarz Adwentowy: ka\u017cdego dnia dokument wybrany spo\u015br\u00f3d naszych najlepszych program\u00f3w.","breadcrumb":{"@id":"https:\/\/www.museumtv.art\/en\/museum-tv-4k-kalendarz-adwentowy\/#breadcrumb"},"inLanguage":"en-US","potentialAction":[{"@type":"ReadAction","target":["https:\/\/www.museumtv.art\/en\/museum-tv-4k-kalendarz-adwentowy\/"]}]},{"@type":"ImageObject","inLanguage":"en-US","@id":"https:\/\/www.museumtv.art\/en\/museum-tv-4k-kalendarz-adwentowy\/#primaryimage","url":"https:\/\/www.museumtv.art\/wp-content\/uploads\/2024\/12\/pexels-george-dolgikh-551816-1666065-scaled.jpg","contentUrl":"https:\/\/www.museumtv.art\/wp-content\/uploads\/2024\/12\/pexels-george-dolgikh-551816-1666065-scaled.jpg","width":2560,"height":1707,"caption":"George Dolgikh - Pexels"},{"@type":"BreadcrumbList","@id":"https:\/\/www.museumtv.art\/en\/museum-tv-4k-kalendarz-adwentowy\/#breadcrumb","itemListElement":[{"@type":"ListItem","position":1,"name":"Accueil","item":"https:\/\/www.museumtv.art\/en\/"},{"@type":"ListItem","position":2,"name":"MUSEUM TV | 4K KALENDARZ ADWENTOWY"}]},{"@type":"WebSite","@id":"https:\/\/www.museumtv.art\/#website","url":"https:\/\/www.museumtv.art\/","name":"Museum TV","description":"The first channel dedicated to art","publisher":{"@id":"https:\/\/www.museumtv.art\/#organization"},"potentialAction":[{"@type":"SearchAction","target":{"@type":"EntryPoint","urlTemplate":"https:\/\/www.museumtv.art\/?s={search_term_string}"},"query-input":{"@type":"PropertyValueSpecification","valueRequired":true,"valueName":"search_term_string"}}],"inLanguage":"en-US"},{"@type":"Organization","@id":"https:\/\/www.museumtv.art\/#organization","name":"Museum TV","url":"https:\/\/www.museumtv.art\/","logo":{"@type":"ImageObject","inLanguage":"en-US","@id":"https:\/\/www.museumtv.art\/#\/schema\/logo\/image\/","url":"https:\/\/www.museumtv.art\/wp-content\/uploads\/2021\/10\/apple-touch-icon-1.png","contentUrl":"https:\/\/www.museumtv.art\/wp-content\/uploads\/2021\/10\/apple-touch-icon-1.png","width":180,"height":180,"caption":"Museum TV"},"image":{"@id":"https:\/\/www.museumtv.art\/#\/schema\/logo\/image\/"},"sameAs":["https:\/\/www.facebook.com\/museumtv.art\/","https:\/\/www.instagram.com\/museumtv_art\/?hl=fr","https:\/\/www.linkedin.com\/company\/museumtv"]}]}},"_links":{"self":[{"href":"https:\/\/www.museumtv.art\/en\/wp-json\/wp\/v2\/pages\/207105","targetHints":{"allow":["GET"]}}],"collection":[{"href":"https:\/\/www.museumtv.art\/en\/wp-json\/wp\/v2\/pages"}],"about":[{"href":"https:\/\/www.museumtv.art\/en\/wp-json\/wp\/v2\/types\/page"}],"author":[{"embeddable":true,"href":"https:\/\/www.museumtv.art\/en\/wp-json\/wp\/v2\/users\/102"}],"replies":[{"embeddable":true,"href":"https:\/\/www.museumtv.art\/en\/wp-json\/wp\/v2\/comments?post=207105"}],"version-history":[{"count":67,"href":"https:\/\/www.museumtv.art\/en\/wp-json\/wp\/v2\/pages\/207105\/revisions"}],"predecessor-version":[{"id":214139,"href":"https:\/\/www.museumtv.art\/en\/wp-json\/wp\/v2\/pages\/207105\/revisions\/214139"}],"wp:featuredmedia":[{"embeddable":true,"href":"https:\/\/www.museumtv.art\/en\/wp-json\/wp\/v2\/media\/207106"}],"wp:attachment":[{"href":"https:\/\/www.museumtv.art\/en\/wp-json\/wp\/v2\/media?parent=207105"}],"curies":[{"name":"wp","href":"https:\/\/api.w.org\/{rel}","templated":true}]}}